{"id":3152,"date":"2025-11-11T12:05:32","date_gmt":"2025-11-11T11:05:32","guid":{"rendered":"https:\/\/nicolaslouis.com\/wordpress\/?post_type=jetpack-portfolio&#038;p=3152"},"modified":"2025-11-11T12:08:36","modified_gmt":"2025-11-11T11:08:36","slug":"portfolio","status":"publish","type":"jetpack-portfolio","link":"https:\/\/nicolaslouis.com\/wordpress\/portfolio\/portfolio\/","title":{"rendered":"PORTFOLIO"},"content":{"rendered":"\n<h1 class=\"wp-block-heading has-text-align-center has-medium-font-size\" id=\"Photographies-artistiques-plasticiennes\">\u0152uvres en S\u00e9ries &#8211; Photographies artistiques plasticiennes<\/h1>\n\n\n\n<p>Mes s\u00e9ries photographiques artistiques rassemblent des travaux au long cours : portraits en studio, v\u00e9g\u00e9tal minimaliste, paysages et ville en mouvement. Chaque projet a son protocole, sa lumi\u00e8re, son rythme ; l\u2019ensemble compose un portfolio coh\u00e9rent, pens\u00e9 pour l\u2019exposition et l\u2019\u00e9dition. Ci-dessous, un aper\u00e7u de s\u00e9ries repr\u00e9sentatives, avec notes d\u2019intention et s\u00e9lection d\u2019images.<\/p>\n\n\n\n<div class=\"wp-block-columns is-not-stacked-on-mobile is-layout-flex wp-container-core-columns-is-layout-9d6595d7 wp-block-columns-is-layout-flex\">\n<div class=\"wp-block-column is-layout-flow wp-block-column-is-layout-flow\"><div class=\"wp-block-image\">\n<figure class=\"aligncenter size-full\"><a href=\"https:\/\/nicolaslouis.com\/wordpress\/2025\/11\/01\/photographe-serie-portrait-erasure\/\"><img loading=\"lazy\" decoding=\"async\" width=\"500\" height=\"500\" src=\"https:\/\/nicolaslouis.com\/wordpress\/wp-content\/uploads\/2025\/11\/erasure-001-portrait-flou-de-profil-1.webp\" alt=\"Photographie artistique d\u00e9focalis\u00e9e : silhouette f\u00e9minine de profil, chignon et tenue sombre, contours adoucis et identit\u00e9 estomp\u00e9e, fond neutre minimaliste \u2014 extrait de la s\u00e9rie \u00ab Erasure \u00bb\" class=\"wp-image-2508\" srcset=\"https:\/\/nicolaslouis.com\/wordpress\/wp-content\/uploads\/2025\/11\/erasure-001-portrait-flou-de-profil-1.webp 500w, https:\/\/nicolaslouis.com\/wordpress\/wp-content\/uploads\/2025\/11\/erasure-001-portrait-flou-de-profil-1-300x300.webp 300w, https:\/\/nicolaslouis.com\/wordpress\/wp-content\/uploads\/2025\/11\/erasure-001-portrait-flou-de-profil-1-100x100.webp 100w, https:\/\/nicolaslouis.com\/wordpress\/wp-content\/uploads\/2025\/11\/erasure-001-portrait-flou-de-profil-1-150x150.webp 150w\" sizes=\"auto, (max-width: 500px) 100vw, 500px\" \/><\/a><figcaption class=\"wp-element-caption\">Erasure &#8211; S\u00e9rie de 13<\/figcaption><\/figure>\n<\/div><\/div>\n\n\n\n<div class=\"wp-block-column is-layout-flow wp-block-column-is-layout-flow\"><div class=\"wp-block-image\">\n<figure class=\"aligncenter size-full\"><a href=\"https:\/\/nicolaslouis.com\/wordpress\/2025\/11\/01\/photographe-serie-portrait-unvarnished\/\"><img loading=\"lazy\" decoding=\"async\" width=\"500\" height=\"500\" src=\"https:\/\/nicolaslouis.com\/wordpress\/wp-content\/uploads\/2025\/11\/portrait-gros-plan-yeux-regard-intense-frontal-2.webp\" alt=\"Photographie en tr\u00e8s gros plan centr\u00e9e sur les yeux et le regard, travail plastique sur l'intensit\u00e9 et la frontalit\u00e9, d\u00e9tail d'un portrait en studio noir et blanc.\" class=\"wp-image-2504\" srcset=\"https:\/\/nicolaslouis.com\/wordpress\/wp-content\/uploads\/2025\/11\/portrait-gros-plan-yeux-regard-intense-frontal-2.webp 500w, https:\/\/nicolaslouis.com\/wordpress\/wp-content\/uploads\/2025\/11\/portrait-gros-plan-yeux-regard-intense-frontal-2-300x300.webp 300w, https:\/\/nicolaslouis.com\/wordpress\/wp-content\/uploads\/2025\/11\/portrait-gros-plan-yeux-regard-intense-frontal-2-100x100.webp 100w, https:\/\/nicolaslouis.com\/wordpress\/wp-content\/uploads\/2025\/11\/portrait-gros-plan-yeux-regard-intense-frontal-2-150x150.webp 150w\" sizes=\"auto, (max-width: 500px) 100vw, 500px\" \/><\/a><figcaption class=\"wp-element-caption\">Unvarnished &#8211; S\u00e9rie de 22<\/figcaption><\/figure>\n<\/div><\/div>\n<\/div>\n\n\n\n<div class=\"wp-block-columns is-not-stacked-on-mobile is-layout-flex wp-container-core-columns-is-layout-9d6595d7 wp-block-columns-is-layout-flex\">\n<div class=\"wp-block-column is-layout-flow wp-block-column-is-layout-flow\"><div class=\"wp-block-image\">\n<figure class=\"aligncenter size-full\"><a href=\"https:\/\/nicolaslouis.com\/wordpress\/2025\/11\/01\/photographe-serie-paysage-marcorpus\/\"><img loading=\"lazy\" decoding=\"async\" width=\"500\" height=\"500\" src=\"https:\/\/nicolaslouis.com\/wordpress\/wp-content\/uploads\/2025\/11\/mar-corpus-001-high-key-nageurs-face-au-large-1.webp\" alt=\"Photographie high-key en plan tr\u00e8s large : petits groupes de nageurs align\u00e9s dans une mer laiteuse, horizon net et reliefs montagneux diffus au loin, composition minimaliste centr\u00e9e sur l\u2019espace et la profondeur esth\u00e9tique.\" class=\"wp-image-2500\" srcset=\"https:\/\/nicolaslouis.com\/wordpress\/wp-content\/uploads\/2025\/11\/mar-corpus-001-high-key-nageurs-face-au-large-1.webp 500w, https:\/\/nicolaslouis.com\/wordpress\/wp-content\/uploads\/2025\/11\/mar-corpus-001-high-key-nageurs-face-au-large-1-300x300.webp 300w, https:\/\/nicolaslouis.com\/wordpress\/wp-content\/uploads\/2025\/11\/mar-corpus-001-high-key-nageurs-face-au-large-1-100x100.webp 100w, https:\/\/nicolaslouis.com\/wordpress\/wp-content\/uploads\/2025\/11\/mar-corpus-001-high-key-nageurs-face-au-large-1-150x150.webp 150w\" sizes=\"auto, (max-width: 500px) 100vw, 500px\" \/><\/a><figcaption class=\"wp-element-caption\">Mar Corpus &#8211; S\u00e9rie de 7<\/figcaption><\/figure>\n<\/div><\/div>\n\n\n\n<div class=\"wp-block-column is-layout-flow wp-block-column-is-layout-flow\"><div class=\"wp-block-image\">\n<figure class=\"aligncenter size-full\"><a href=\"https:\/\/nicolaslouis.com\/wordpress\/2025\/11\/01\/photographe-serie-paysage-welcometomars\/\"><img loading=\"lazy\" decoding=\"async\" width=\"500\" height=\"500\" src=\"https:\/\/nicolaslouis.com\/wordpress\/wp-content\/uploads\/2025\/11\/photographe-placticien-belleile-welcometomars-roche-1.webp\" alt=\"Falaises et rochers saillants au bord de l\u2019estran \u00e0 Belle-\u00cele-en-Mer \u2013 vision plasticienne de la photographie.\" class=\"wp-image-2503\" srcset=\"https:\/\/nicolaslouis.com\/wordpress\/wp-content\/uploads\/2025\/11\/photographe-placticien-belleile-welcometomars-roche-1.webp 500w, https:\/\/nicolaslouis.com\/wordpress\/wp-content\/uploads\/2025\/11\/photographe-placticien-belleile-welcometomars-roche-1-300x300.webp 300w, https:\/\/nicolaslouis.com\/wordpress\/wp-content\/uploads\/2025\/11\/photographe-placticien-belleile-welcometomars-roche-1-100x100.webp 100w, https:\/\/nicolaslouis.com\/wordpress\/wp-content\/uploads\/2025\/11\/photographe-placticien-belleile-welcometomars-roche-1-150x150.webp 150w\" sizes=\"auto, (max-width: 500px) 100vw, 500px\" \/><\/a><figcaption class=\"wp-element-caption\">Welcome to Mars &#8211; S\u00e9rie de 7<\/figcaption><\/figure>\n<\/div><\/div>\n<\/div>\n\n\n\n<div class=\"wp-block-columns is-not-stacked-on-mobile is-layout-flex wp-container-core-columns-is-layout-9d6595d7 wp-block-columns-is-layout-flex\">\n<div class=\"wp-block-column is-layout-flow wp-block-column-is-layout-flow\"><div class=\"wp-block-image\">\n<figure class=\"aligncenter size-full\"><a href=\"https:\/\/nicolaslouis.com\/wordpress\/2025\/11\/01\/photographe-serie-paysage-beijingonroad\/\"><img loading=\"lazy\" decoding=\"async\" width=\"500\" height=\"500\" src=\"https:\/\/nicolaslouis.com\/wordpress\/wp-content\/uploads\/2025\/11\/beijing-night-skyline-blur-highway-french-photographer-1.webp\" alt=\"Vue floue du skyline urbain de P\u00e9kin depuis une autoroute, capturant l'essence onirique de la ville en mouvement, et de ses zones d\u2019habitation de masses.\" class=\"wp-image-2496\" srcset=\"https:\/\/nicolaslouis.com\/wordpress\/wp-content\/uploads\/2025\/11\/beijing-night-skyline-blur-highway-french-photographer-1.webp 500w, https:\/\/nicolaslouis.com\/wordpress\/wp-content\/uploads\/2025\/11\/beijing-night-skyline-blur-highway-french-photographer-1-300x300.webp 300w, https:\/\/nicolaslouis.com\/wordpress\/wp-content\/uploads\/2025\/11\/beijing-night-skyline-blur-highway-french-photographer-1-100x100.webp 100w, https:\/\/nicolaslouis.com\/wordpress\/wp-content\/uploads\/2025\/11\/beijing-night-skyline-blur-highway-french-photographer-1-150x150.webp 150w\" sizes=\"auto, (max-width: 500px) 100vw, 500px\" \/><\/a><figcaption class=\"wp-element-caption\">Beijing on Road &#8211; S\u00e9rie de 19<\/figcaption><\/figure>\n<\/div><\/div>\n\n\n\n<div class=\"wp-block-column is-layout-flow wp-block-column-is-layout-flow\"><div class=\"wp-block-image\">\n<figure class=\"aligncenter size-full\"><a href=\"https:\/\/nicolaslouis.com\/wordpress\/2025\/11\/01\/photographe-serie-paysage-diptyque-marine\/\"><img loading=\"lazy\" decoding=\"async\" width=\"500\" height=\"500\" src=\"https:\/\/nicolaslouis.com\/wordpress\/wp-content\/uploads\/2025\/11\/dualites-marines-solitude-contemplation-1.webp\" alt=\"Diptyque photo noir et blanc eau scintillante et femme seule face \u00e0 la mer, dans un rendu \u00e9pur\u00e9 et contrast\u00e9 pour une exposition \u00e0 la semaine de photo de p\u00e9kin.\" class=\"wp-image-2497\" srcset=\"https:\/\/nicolaslouis.com\/wordpress\/wp-content\/uploads\/2025\/11\/dualites-marines-solitude-contemplation-1.webp 500w, https:\/\/nicolaslouis.com\/wordpress\/wp-content\/uploads\/2025\/11\/dualites-marines-solitude-contemplation-1-300x300.webp 300w, https:\/\/nicolaslouis.com\/wordpress\/wp-content\/uploads\/2025\/11\/dualites-marines-solitude-contemplation-1-100x100.webp 100w, https:\/\/nicolaslouis.com\/wordpress\/wp-content\/uploads\/2025\/11\/dualites-marines-solitude-contemplation-1-150x150.webp 150w\" sizes=\"auto, (max-width: 500px) 100vw, 500px\" \/><\/a><figcaption class=\"wp-element-caption\">Diptyque Marine &#8211; S\u00e9rie de 7<\/figcaption><\/figure>\n<\/div><\/div>\n<\/div>\n\n\n\n<div class=\"wp-block-columns is-not-stacked-on-mobile is-layout-flex wp-container-core-columns-is-layout-9d6595d7 wp-block-columns-is-layout-flex\">\n<div class=\"wp-block-column is-layout-flow wp-block-column-is-layout-flow\"><div class=\"wp-block-image\">\n<figure class=\"aligncenter size-full\"><a href=\"https:\/\/nicolaslouis.com\/wordpress\/2025\/11\/01\/photographe-paysage-maree-interieure\/\"><img loading=\"lazy\" decoding=\"async\" width=\"500\" height=\"500\" src=\"https:\/\/nicolaslouis.com\/wordpress\/wp-content\/uploads\/2025\/11\/paysages-atlantique-maree-interieure-nicolas-louis-003-1.webp\" alt=\"Photographie noir et blanc d\u2019une plage d\u00e9serte : dunes, ciel orageux au-dessus d\u2019un rivage sableux, bois flott\u00e9 et traces de pas dans le sable dans un effet de rendu tr\u00e8s esth\u00e9tique pour une exposition photo.\" class=\"wp-image-2502\" srcset=\"https:\/\/nicolaslouis.com\/wordpress\/wp-content\/uploads\/2025\/11\/paysages-atlantique-maree-interieure-nicolas-louis-003-1.webp 500w, https:\/\/nicolaslouis.com\/wordpress\/wp-content\/uploads\/2025\/11\/paysages-atlantique-maree-interieure-nicolas-louis-003-1-300x300.webp 300w, https:\/\/nicolaslouis.com\/wordpress\/wp-content\/uploads\/2025\/11\/paysages-atlantique-maree-interieure-nicolas-louis-003-1-100x100.webp 100w, https:\/\/nicolaslouis.com\/wordpress\/wp-content\/uploads\/2025\/11\/paysages-atlantique-maree-interieure-nicolas-louis-003-1-150x150.webp 150w\" sizes=\"auto, (max-width: 500px) 100vw, 500px\" \/><\/a><figcaption class=\"wp-element-caption\">Mar\u00e9e int\u00e9rieure &#8211; S\u00e9rie de 19<\/figcaption><\/figure>\n<\/div><\/div>\n\n\n\n<div class=\"wp-block-column is-layout-flow wp-block-column-is-layout-flow\"><div class=\"wp-block-image\">\n<figure class=\"aligncenter size-full\"><a href=\"https:\/\/nicolaslouis.com\/wordpress\/2025\/11\/02\/photographe-serie-portrait-after-noon-with-lala\/\"><img loading=\"lazy\" decoding=\"async\" width=\"500\" height=\"500\" src=\"https:\/\/nicolaslouis.com\/wordpress\/wp-content\/uploads\/2025\/11\/nicolas-louis-photographe-portrait-noir-et-blanc-paris-afternoon-with-lala-tutu-fenetre-001-1.webp\" alt=\"Le mod\u00e8le f\u00e9minin Lala, de dos devant la fen\u00eatre, justaucorps et tutu en clair-obscur, se raccrochant les cheveux.\" class=\"wp-image-2501\" srcset=\"https:\/\/nicolaslouis.com\/wordpress\/wp-content\/uploads\/2025\/11\/nicolas-louis-photographe-portrait-noir-et-blanc-paris-afternoon-with-lala-tutu-fenetre-001-1.webp 500w, https:\/\/nicolaslouis.com\/wordpress\/wp-content\/uploads\/2025\/11\/nicolas-louis-photographe-portrait-noir-et-blanc-paris-afternoon-with-lala-tutu-fenetre-001-1-300x300.webp 300w, https:\/\/nicolaslouis.com\/wordpress\/wp-content\/uploads\/2025\/11\/nicolas-louis-photographe-portrait-noir-et-blanc-paris-afternoon-with-lala-tutu-fenetre-001-1-100x100.webp 100w, https:\/\/nicolaslouis.com\/wordpress\/wp-content\/uploads\/2025\/11\/nicolas-louis-photographe-portrait-noir-et-blanc-paris-afternoon-with-lala-tutu-fenetre-001-1-150x150.webp 150w\" sizes=\"auto, (max-width: 500px) 100vw, 500px\" \/><\/a><figcaption class=\"wp-element-caption\">Afternoon with Lala &#8211; S\u00e9rie de 15<\/figcaption><\/figure>\n<\/div><\/div>\n<\/div>\n\n\n\n<div class=\"wp-block-columns is-not-stacked-on-mobile is-layout-flex wp-container-core-columns-is-layout-9d6595d7 wp-block-columns-is-layout-flex\">\n<div class=\"wp-block-column is-layout-flow wp-block-column-is-layout-flow\"><div class=\"wp-block-image\">\n<figure class=\"aligncenter size-full\"><a href=\"https:\/\/nicolaslouis.com\/wordpress\/2025\/11\/01\/photographe-serie-plante-noire\/\"><img loading=\"lazy\" decoding=\"async\" width=\"500\" height=\"500\" src=\"https:\/\/nicolaslouis.com\/wordpress\/wp-content\/uploads\/2025\/11\/serie-plantes-fond-sombre-09-tige-deux-gousses-verticale-inclinee-1.webp\" alt=\"Tige de plante \u00e9lanc\u00e9e avec deux gousses vertes\u2014une longue verticale au centre, une plus petite inclin\u00e9e \u00e0 droite\u2014rameaux fins, fond noir, \u00e9clairage lat\u00e9ral doux\" class=\"wp-image-2506\" srcset=\"https:\/\/nicolaslouis.com\/wordpress\/wp-content\/uploads\/2025\/11\/serie-plantes-fond-sombre-09-tige-deux-gousses-verticale-inclinee-1.webp 500w, https:\/\/nicolaslouis.com\/wordpress\/wp-content\/uploads\/2025\/11\/serie-plantes-fond-sombre-09-tige-deux-gousses-verticale-inclinee-1-300x300.webp 300w, https:\/\/nicolaslouis.com\/wordpress\/wp-content\/uploads\/2025\/11\/serie-plantes-fond-sombre-09-tige-deux-gousses-verticale-inclinee-1-100x100.webp 100w, https:\/\/nicolaslouis.com\/wordpress\/wp-content\/uploads\/2025\/11\/serie-plantes-fond-sombre-09-tige-deux-gousses-verticale-inclinee-1-150x150.webp 150w\" sizes=\"auto, (max-width: 500px) 100vw, 500px\" \/><\/a><figcaption class=\"wp-element-caption\">Silence V\u00e9g\u00e9tal &#8211; S\u00e9rie de 12<\/figcaption><\/figure>\n<\/div><\/div>\n\n\n\n<div class=\"wp-block-column is-layout-flow wp-block-column-is-layout-flow\"><div class=\"wp-block-image\">\n<figure class=\"aligncenter size-full is-resized\"><a href=\"https:\/\/nicolaslouis.com\/wordpress\/2025\/11\/01\/photographe-serie-high-key\/\"><img loading=\"lazy\" decoding=\"async\" width=\"500\" height=\"500\" src=\"https:\/\/nicolaslouis.com\/wordpress\/wp-content\/uploads\/2025\/11\/reseau-vegetal-filiforme-high-key-1.webp\" alt=\"R\u00e9seau v\u00e9g\u00e9tal filiforme en high-key, \u00e9criture visuele plasticienne : tiges fines ramifi\u00e9es, nettet\u00e9 centrale, bokeh laiteux \u2014 minimalisme et tension graphique par un photographe professionnel.\" class=\"wp-image-2505\" style=\"width:500px;height:auto\" srcset=\"https:\/\/nicolaslouis.com\/wordpress\/wp-content\/uploads\/2025\/11\/reseau-vegetal-filiforme-high-key-1.webp 500w, https:\/\/nicolaslouis.com\/wordpress\/wp-content\/uploads\/2025\/11\/reseau-vegetal-filiforme-high-key-1-300x300.webp 300w, https:\/\/nicolaslouis.com\/wordpress\/wp-content\/uploads\/2025\/11\/reseau-vegetal-filiforme-high-key-1-100x100.webp 100w, https:\/\/nicolaslouis.com\/wordpress\/wp-content\/uploads\/2025\/11\/reseau-vegetal-filiforme-high-key-1-150x150.webp 150w\" sizes=\"auto, (max-width: 500px) 100vw, 500px\" \/><\/a><figcaption class=\"wp-element-caption\">High Key &#8211; S\u00e9rie de 13<\/figcaption><\/figure>\n<\/div><\/div>\n<\/div>\n\n\n\n<div class=\"wp-block-columns is-not-stacked-on-mobile is-layout-flex wp-container-core-columns-is-layout-9d6595d7 wp-block-columns-is-layout-flex\">\n<div class=\"wp-block-column is-layout-flow wp-block-column-is-layout-flow\"><div class=\"wp-block-image\">\n<figure class=\"aligncenter size-full\"><a href=\"https:\/\/nicolaslouis.com\/wordpress\/2025\/11\/02\/photographe-serie-nature-hypnotic-vegetal\/\"><img loading=\"lazy\" decoding=\"async\" width=\"500\" height=\"500\" src=\"https:\/\/nicolaslouis.com\/wordpress\/wp-content\/uploads\/2025\/11\/hypnotic-vegetal-macro-noir-et-blanc-boucles-herbes-givrees-tapis-de-feuilles-et-mousses-1.webp\" alt=\"Macro en noir et blanc d\u2019une rosette aux feuilles velout\u00e9es couvertes de givre, pos\u00e9e sur un tapis dense de mousses et micro-plantes ; lumi\u00e8re rase, textures riches et contraste hivernal.\" class=\"wp-image-2499\" srcset=\"https:\/\/nicolaslouis.com\/wordpress\/wp-content\/uploads\/2025\/11\/hypnotic-vegetal-macro-noir-et-blanc-boucles-herbes-givrees-tapis-de-feuilles-et-mousses-1.webp 500w, https:\/\/nicolaslouis.com\/wordpress\/wp-content\/uploads\/2025\/11\/hypnotic-vegetal-macro-noir-et-blanc-boucles-herbes-givrees-tapis-de-feuilles-et-mousses-1-300x300.webp 300w, https:\/\/nicolaslouis.com\/wordpress\/wp-content\/uploads\/2025\/11\/hypnotic-vegetal-macro-noir-et-blanc-boucles-herbes-givrees-tapis-de-feuilles-et-mousses-1-100x100.webp 100w, https:\/\/nicolaslouis.com\/wordpress\/wp-content\/uploads\/2025\/11\/hypnotic-vegetal-macro-noir-et-blanc-boucles-herbes-givrees-tapis-de-feuilles-et-mousses-1-150x150.webp 150w\" sizes=\"auto, (max-width: 500px) 100vw, 500px\" \/><\/a><figcaption class=\"wp-element-caption\">Hypnotic v\u00e9g\u00e9tal &#8211; S\u00e9rie de 14<\/figcaption><\/figure>\n<\/div><\/div>\n\n\n\n<div class=\"wp-block-column is-layout-flow wp-block-column-is-layout-flow\"><div class=\"wp-block-image\">\n<figure class=\"aligncenter size-full\"><a href=\"https:\/\/nicolaslouis.com\/wordpress\/2025\/11\/04\/sirenes-organiques-photographe-anglet-cote-basque#nature-morte-algues-sirene-organique\"><img loading=\"lazy\" decoding=\"async\" width=\"500\" height=\"500\" src=\"https:\/\/nicolaslouis.com\/wordpress\/wp-content\/uploads\/2025\/11\/photographe-anglet-serie-algues-sirenes-organiques-forme-danse-02portfolio.webp\" alt=\"Photo artistique d\u2019une algue sombre rappelant une petite sir\u00e8ne organique en mouvement, isol\u00e9e sur fond blanc, s\u00e9rie \u201csir\u00e8nes organiques\u201d, cr\u00e9ation d\u2019un photographe bas\u00e9 \u00e0 Anglet sur la c\u00f4te basque, France.\" class=\"wp-image-2889\" srcset=\"https:\/\/nicolaslouis.com\/wordpress\/wp-content\/uploads\/2025\/11\/photographe-anglet-serie-algues-sirenes-organiques-forme-danse-02portfolio.webp 500w, https:\/\/nicolaslouis.com\/wordpress\/wp-content\/uploads\/2025\/11\/photographe-anglet-serie-algues-sirenes-organiques-forme-danse-02portfolio-300x300.webp 300w, https:\/\/nicolaslouis.com\/wordpress\/wp-content\/uploads\/2025\/11\/photographe-anglet-serie-algues-sirenes-organiques-forme-danse-02portfolio-100x100.webp 100w, https:\/\/nicolaslouis.com\/wordpress\/wp-content\/uploads\/2025\/11\/photographe-anglet-serie-algues-sirenes-organiques-forme-danse-02portfolio-150x150.webp 150w\" sizes=\"auto, (max-width: 500px) 100vw, 500px\" \/><\/a><figcaption class=\"wp-element-caption\">Sir\u00e9nes organiques &#8211; S\u00e9rie de 11<\/figcaption><\/figure>\n<\/div><\/div>\n<\/div>\n\n\n\n<h2 class=\"wp-block-heading has-medium-font-size\">ARCHIVES<\/h2>\n\n\n\n<div class=\"wp-block-columns is-not-stacked-on-mobile is-layout-flex wp-container-core-columns-is-layout-9d6595d7 wp-block-columns-is-layout-flex\">\n<div class=\"wp-block-column is-layout-flow wp-block-column-is-layout-flow\"><div class=\"wp-block-image\">\n<figure class=\"aligncenter size-full\"><a href=\"https:\/\/nicolaslouis.com\/wordpress\/2025\/11\/03\/streetchild-reportage-enfants-rues-inde\/\"><img loading=\"lazy\" decoding=\"async\" width=\"500\" height=\"500\" src=\"https:\/\/nicolaslouis.com\/wordpress\/wp-content\/uploads\/2025\/11\/enfants-rues-inde-portrait-fille-solitude-portfolio.webp\" alt=\"Portrait d'une jeune fille des rues dans la solitude en Inde pour une photographie sociale\" class=\"wp-image-2684\" srcset=\"https:\/\/nicolaslouis.com\/wordpress\/wp-content\/uploads\/2025\/11\/enfants-rues-inde-portrait-fille-solitude-portfolio.webp 500w, https:\/\/nicolaslouis.com\/wordpress\/wp-content\/uploads\/2025\/11\/enfants-rues-inde-portrait-fille-solitude-portfolio-300x300.webp 300w, https:\/\/nicolaslouis.com\/wordpress\/wp-content\/uploads\/2025\/11\/enfants-rues-inde-portrait-fille-solitude-portfolio-100x100.webp 100w, https:\/\/nicolaslouis.com\/wordpress\/wp-content\/uploads\/2025\/11\/enfants-rues-inde-portrait-fille-solitude-portfolio-150x150.webp 150w\" sizes=\"auto, (max-width: 500px) 100vw, 500px\" \/><\/a><figcaption class=\"wp-element-caption\">Streetchild, Inde &#8211; S\u00e9rie de 23<\/figcaption><\/figure>\n<\/div><\/div>\n\n\n\n<div class=\"wp-block-column is-layout-flow wp-block-column-is-layout-flow\"><div class=\"wp-block-image\">\n<figure class=\"aligncenter size-full\"><a href=\"https:\/\/nicolaslouis.com\/wordpress\/2025\/11\/05\/photographies-fragments-de-paysages#fragment-paysages-couleur\"><img loading=\"lazy\" decoding=\"async\" width=\"500\" height=\"500\" src=\"https:\/\/nicolaslouis.com\/wordpress\/wp-content\/uploads\/2025\/11\/photographe-architecture-cour-interieure-briques-londres-portfolio.webp\" alt=\"Photographie d\u2019architecture d\u2019une cour int\u00e9rieure entour\u00e9e d\u2019immeubles en briques avec fen\u00eatres blanches, prise par un photographe professionnel \u00e0 Londres.\" class=\"wp-image-3048\" srcset=\"https:\/\/nicolaslouis.com\/wordpress\/wp-content\/uploads\/2025\/11\/photographe-architecture-cour-interieure-briques-londres-portfolio.webp 500w, https:\/\/nicolaslouis.com\/wordpress\/wp-content\/uploads\/2025\/11\/photographe-architecture-cour-interieure-briques-londres-portfolio-300x300.webp 300w, https:\/\/nicolaslouis.com\/wordpress\/wp-content\/uploads\/2025\/11\/photographe-architecture-cour-interieure-briques-londres-portfolio-100x100.webp 100w, https:\/\/nicolaslouis.com\/wordpress\/wp-content\/uploads\/2025\/11\/photographe-architecture-cour-interieure-briques-londres-portfolio-150x150.webp 150w\" sizes=\"auto, (max-width: 500px) 100vw, 500px\" \/><\/a><figcaption class=\"wp-element-caption\">Fragments de paysages en couleurs &#8211; S\u00e9rie de 26<\/figcaption><\/figure>\n<\/div><\/div>\n<\/div>\n\n\n\n<h2 class=\"wp-block-heading has-medium-font-size\">DIEULEFIT &#8211; Un bout de chez moi<\/h2>\n\n\n\n<div class=\"wp-block-columns is-not-stacked-on-mobile is-layout-flex wp-container-core-columns-is-layout-9d6595d7 wp-block-columns-is-layout-flex\">\n<div class=\"wp-block-column is-layout-flow wp-block-column-is-layout-flow\"><div class=\"wp-block-image\">\n<figure class=\"aligncenter size-full\"><a href=\"https:\/\/nicolaslouis.com\/wordpress\/2025\/11\/04\/grande-cheminee-poet-laval-reportage-photo-poterie-jacky-robin-drome#reportage-grande-cheminee-poet-laval\"><img loading=\"lazy\" decoding=\"async\" width=\"500\" height=\"500\" src=\"https:\/\/nicolaslouis.com\/wordpress\/wp-content\/uploads\/2025\/11\/grande-cheminee-poetlaval-reportage-photo-potier-jacky-robin-drome-portfolio.webp\" alt=\"Photographie noir et blanc de la grande chemin\u00e9e de l\u2019ancienne fabrique \u00e0 Dieulefit (Dr\u00f4me), au c\u0153ur du village historique de poterie, r\u00e9alis\u00e9e lors d\u2019un reportage sur le potier Jacky Robin utilisant la terre blanche locale.\" class=\"wp-image-2866\" srcset=\"https:\/\/nicolaslouis.com\/wordpress\/wp-content\/uploads\/2025\/11\/grande-cheminee-poetlaval-reportage-photo-potier-jacky-robin-drome-portfolio.webp 500w, https:\/\/nicolaslouis.com\/wordpress\/wp-content\/uploads\/2025\/11\/grande-cheminee-poetlaval-reportage-photo-potier-jacky-robin-drome-portfolio-300x300.webp 300w, https:\/\/nicolaslouis.com\/wordpress\/wp-content\/uploads\/2025\/11\/grande-cheminee-poetlaval-reportage-photo-potier-jacky-robin-drome-portfolio-100x100.webp 100w, https:\/\/nicolaslouis.com\/wordpress\/wp-content\/uploads\/2025\/11\/grande-cheminee-poetlaval-reportage-photo-potier-jacky-robin-drome-portfolio-150x150.webp 150w\" sizes=\"auto, (max-width: 500px) 100vw, 500px\" \/><\/a><figcaption class=\"wp-element-caption\">La grande chemin\u00e9e &#8211; S\u00e9rie de 19<\/figcaption><\/figure>\n<\/div><\/div>\n\n\n\n<div class=\"wp-block-column is-layout-flow wp-block-column-is-layout-flow\"><div class=\"wp-block-image\">\n<figure class=\"aligncenter size-full\"><a href=\"https:\/\/nicolaslouis.com\/wordpress\/2025\/11\/06\/autos-tamponneuses-dieulefit-drome#Auto-tamponneuses-Dieulefit\"><img loading=\"lazy\" decoding=\"async\" width=\"500\" height=\"500\" src=\"https:\/\/nicolaslouis.com\/wordpress\/wp-content\/uploads\/2025\/11\/autos-tamponneuses-dieulefit-drome-fete-foraine-portfolio.webp\" alt=\"Auto-tamponneuse en mouvement \u00e0 la f\u00eate foraine de Dieulefit (Dr\u00f4me)\" class=\"wp-image-2972\" srcset=\"https:\/\/nicolaslouis.com\/wordpress\/wp-content\/uploads\/2025\/11\/autos-tamponneuses-dieulefit-drome-fete-foraine-portfolio.webp 500w, https:\/\/nicolaslouis.com\/wordpress\/wp-content\/uploads\/2025\/11\/autos-tamponneuses-dieulefit-drome-fete-foraine-portfolio-300x300.webp 300w, https:\/\/nicolaslouis.com\/wordpress\/wp-content\/uploads\/2025\/11\/autos-tamponneuses-dieulefit-drome-fete-foraine-portfolio-100x100.webp 100w, https:\/\/nicolaslouis.com\/wordpress\/wp-content\/uploads\/2025\/11\/autos-tamponneuses-dieulefit-drome-fete-foraine-portfolio-150x150.webp 150w\" sizes=\"auto, (max-width: 500px) 100vw, 500px\" \/><\/a><figcaption class=\"wp-element-caption\">Auto-tamponeuse &#8211; S\u00e9rie de 13<\/figcaption><\/figure>\n<\/div><\/div>\n<\/div>\n","protected":false},"excerpt":{"rendered":"<p>\u0152uvres en S\u00e9ries &#8211; Photographies artistiques plasticiennes Mes s\u00e9ries photographiques artistiques rassemblent des travaux au long cours : portraits en studio, v\u00e9g\u00e9tal minimaliste, paysages et ville en mouvement. Chaque projet a son protocole, sa lumi\u00e8re, son rythme ; l\u2019ensemble compose un portfolio coh\u00e9rent, pens\u00e9 pour l\u2019exposition et l\u2019\u00e9dition. Ci-dessous, un aper\u00e7u de s\u00e9ries repr\u00e9sentatives, avec&#8230;<\/p>\n","protected":false},"author":1,"featured_media":0,"comment_status":"open","ping_status":"closed","template":"","format":"standard","meta":{"_kadence_starter_templates_imported_post":false,"_kad_post_transparent":"","_kad_post_title":"","_kad_post_layout":"","_kad_post_sidebar_id":"","_kad_post_content_style":"","_kad_post_vertical_padding":"","_kad_post_feature":"","_kad_post_feature_position":"","_kad_post_header":false,"_kad_post_footer":false,"_kad_post_classname":"","footnotes":""},"jetpack-portfolio-type":[],"jetpack-portfolio-tag":[],"class_list":["post-3152","jetpack-portfolio","type-jetpack-portfolio","status-publish","format-standard","hentry"],"yoast_head":"<!-- This site is optimized with the Yoast SEO plugin v27.5 - https:\/\/yoast.com\/product\/yoast-seo-wordpress\/ -->\n<title>PORTFOLIO - NICOLAS LOUIS<\/title>\n<meta name=\"robots\" content=\"index, follow, max-snippet:-1, max-image-preview:large, max-video-preview:-1\" \/>\n<link rel=\"canonical\" href=\"https:\/\/nicolaslouis.com\/wordpress\/portfolio\/portfolio\/\" \/>\n<meta property=\"og:locale\" content=\"fr_FR\" \/>\n<meta property=\"og:type\" content=\"article\" \/>\n<meta property=\"og:title\" content=\"PORTFOLIO - NICOLAS LOUIS\" \/>\n<meta property=\"og:description\" content=\"\u0152uvres en S\u00e9ries &#8211; Photographies artistiques plasticiennes Mes s\u00e9ries photographiques artistiques rassemblent des travaux au long cours : portraits en studio, v\u00e9g\u00e9tal minimaliste, paysages et ville en mouvement. Chaque projet a son protocole, sa lumi\u00e8re, son rythme ; l\u2019ensemble compose un portfolio coh\u00e9rent, pens\u00e9 pour l\u2019exposition et l\u2019\u00e9dition. Ci-dessous, un aper\u00e7u de s\u00e9ries repr\u00e9sentatives, avec...\" \/>\n<meta property=\"og:url\" content=\"https:\/\/nicolaslouis.com\/wordpress\/portfolio\/portfolio\/\" \/>\n<meta property=\"og:site_name\" content=\"NICOLAS LOUIS\" \/>\n<meta property=\"article:modified_time\" content=\"2025-11-11T11:08:36+00:00\" \/>\n<meta property=\"og:image\" content=\"https:\/\/nicolaslouis.com\/wordpress\/wp-content\/uploads\/2025\/11\/erasure-001-portrait-flou-de-profil-1.webp\" \/>\n\t<meta property=\"og:image:width\" content=\"500\" \/>\n\t<meta property=\"og:image:height\" content=\"500\" \/>\n\t<meta property=\"og:image:type\" content=\"image\/webp\" \/>\n<meta name=\"twitter:card\" content=\"summary_large_image\" \/>\n<meta name=\"twitter:label1\" content=\"Dur\u00e9e de lecture estim\u00e9e\" \/>\n\t<meta name=\"twitter:data1\" content=\"4 minutes\" \/>\n<script type=\"application\/ld+json\" class=\"yoast-schema-graph\">{\"@context\":\"https:\\\/\\\/schema.org\",\"@graph\":[{\"@type\":\"WebPage\",\"@id\":\"https:\\\/\\\/nicolaslouis.com\\\/wordpress\\\/portfolio\\\/portfolio\\\/\",\"url\":\"https:\\\/\\\/nicolaslouis.com\\\/wordpress\\\/portfolio\\\/portfolio\\\/\",\"name\":\"PORTFOLIO - NICOLAS LOUIS\",\"isPartOf\":{\"@id\":\"https:\\\/\\\/nicolaslouis.com\\\/wordpress\\\/#website\"},\"primaryImageOfPage\":{\"@id\":\"https:\\\/\\\/nicolaslouis.com\\\/wordpress\\\/portfolio\\\/portfolio\\\/#primaryimage\"},\"image\":{\"@id\":\"https:\\\/\\\/nicolaslouis.com\\\/wordpress\\\/portfolio\\\/portfolio\\\/#primaryimage\"},\"thumbnailUrl\":\"https:\\\/\\\/nicolaslouis.com\\\/wordpress\\\/wp-content\\\/uploads\\\/2025\\\/11\\\/erasure-001-portrait-flou-de-profil-1.webp\",\"datePublished\":\"2025-11-11T11:05:32+00:00\",\"dateModified\":\"2025-11-11T11:08:36+00:00\",\"breadcrumb\":{\"@id\":\"https:\\\/\\\/nicolaslouis.com\\\/wordpress\\\/portfolio\\\/portfolio\\\/#breadcrumb\"},\"inLanguage\":\"fr-FR\",\"potentialAction\":[{\"@type\":\"ReadAction\",\"target\":[\"https:\\\/\\\/nicolaslouis.com\\\/wordpress\\\/portfolio\\\/portfolio\\\/\"]}]},{\"@type\":\"ImageObject\",\"inLanguage\":\"fr-FR\",\"@id\":\"https:\\\/\\\/nicolaslouis.com\\\/wordpress\\\/portfolio\\\/portfolio\\\/#primaryimage\",\"url\":\"https:\\\/\\\/nicolaslouis.com\\\/wordpress\\\/wp-content\\\/uploads\\\/2025\\\/11\\\/erasure-001-portrait-flou-de-profil-1.webp\",\"contentUrl\":\"https:\\\/\\\/nicolaslouis.com\\\/wordpress\\\/wp-content\\\/uploads\\\/2025\\\/11\\\/erasure-001-portrait-flou-de-profil-1.webp\",\"width\":500,\"height\":500,\"caption\":\"Photographie artistique d\u00e9focalis\u00e9e : silhouette f\u00e9minine de profil, chignon et tenue sombre, contours adoucis et identit\u00e9 estomp\u00e9e, fond neutre minimaliste \u2014 extrait de la s\u00e9rie \u00ab Erasure \u00bb\"},{\"@type\":\"BreadcrumbList\",\"@id\":\"https:\\\/\\\/nicolaslouis.com\\\/wordpress\\\/portfolio\\\/portfolio\\\/#breadcrumb\",\"itemListElement\":[{\"@type\":\"ListItem\",\"position\":1,\"name\":\"Accueil\",\"item\":\"https:\\\/\\\/nicolaslouis.com\\\/wordpress\\\/\"},{\"@type\":\"ListItem\",\"position\":2,\"name\":\"Projets\",\"item\":\"https:\\\/\\\/nicolaslouis.com\\\/wordpress\\\/portfolio\\\/\"},{\"@type\":\"ListItem\",\"position\":3,\"name\":\"PORTFOLIO\"}]},{\"@type\":\"WebSite\",\"@id\":\"https:\\\/\\\/nicolaslouis.com\\\/wordpress\\\/#website\",\"url\":\"https:\\\/\\\/nicolaslouis.com\\\/wordpress\\\/\",\"name\":\"NICOLAS LOUIS PHOTOGRAPHE\",\"description\":\"Rencontre photographique\",\"publisher\":{\"@id\":\"https:\\\/\\\/nicolaslouis.com\\\/wordpress\\\/#organization\"},\"potentialAction\":[{\"@type\":\"SearchAction\",\"target\":{\"@type\":\"EntryPoint\",\"urlTemplate\":\"https:\\\/\\\/nicolaslouis.com\\\/wordpress\\\/?s={search_term_string}\"},\"query-input\":{\"@type\":\"PropertyValueSpecification\",\"valueRequired\":true,\"valueName\":\"search_term_string\"}}],\"inLanguage\":\"fr-FR\"},{\"@type\":\"Organization\",\"@id\":\"https:\\\/\\\/nicolaslouis.com\\\/wordpress\\\/#organization\",\"name\":\"NICOLAS LOUIS\",\"url\":\"https:\\\/\\\/nicolaslouis.com\\\/wordpress\\\/\",\"logo\":{\"@type\":\"ImageObject\",\"inLanguage\":\"fr-FR\",\"@id\":\"https:\\\/\\\/nicolaslouis.com\\\/wordpress\\\/#\\\/schema\\\/logo\\\/image\\\/\",\"url\":\"https:\\\/\\\/nicolaslouis.com\\\/wordpress\\\/wp-content\\\/uploads\\\/2025\\\/04\\\/cropped-nicolaslouis-logo.jpg\",\"contentUrl\":\"https:\\\/\\\/nicolaslouis.com\\\/wordpress\\\/wp-content\\\/uploads\\\/2025\\\/04\\\/cropped-nicolaslouis-logo.jpg\",\"width\":512,\"height\":512,\"caption\":\"NICOLAS LOUIS\"},\"image\":{\"@id\":\"https:\\\/\\\/nicolaslouis.com\\\/wordpress\\\/#\\\/schema\\\/logo\\\/image\\\/\"}}]}<\/script>\n<!-- \/ Yoast SEO plugin. -->","yoast_head_json":{"title":"PORTFOLIO - NICOLAS LOUIS","robots":{"index":"index","follow":"follow","max-snippet":"max-snippet:-1","max-image-preview":"max-image-preview:large","max-video-preview":"max-video-preview:-1"},"canonical":"https:\/\/nicolaslouis.com\/wordpress\/portfolio\/portfolio\/","og_locale":"fr_FR","og_type":"article","og_title":"PORTFOLIO - NICOLAS LOUIS","og_description":"\u0152uvres en S\u00e9ries &#8211; Photographies artistiques plasticiennes Mes s\u00e9ries photographiques artistiques rassemblent des travaux au long cours : portraits en studio, v\u00e9g\u00e9tal minimaliste, paysages et ville en mouvement. Chaque projet a son protocole, sa lumi\u00e8re, son rythme ; l\u2019ensemble compose un portfolio coh\u00e9rent, pens\u00e9 pour l\u2019exposition et l\u2019\u00e9dition. Ci-dessous, un aper\u00e7u de s\u00e9ries repr\u00e9sentatives, avec...","og_url":"https:\/\/nicolaslouis.com\/wordpress\/portfolio\/portfolio\/","og_site_name":"NICOLAS LOUIS","article_modified_time":"2025-11-11T11:08:36+00:00","og_image":[{"width":500,"height":500,"url":"https:\/\/nicolaslouis.com\/wordpress\/wp-content\/uploads\/2025\/11\/erasure-001-portrait-flou-de-profil-1.webp","type":"image\/webp"}],"twitter_card":"summary_large_image","twitter_misc":{"Dur\u00e9e de lecture estim\u00e9e":"4 minutes"},"schema":{"@context":"https:\/\/schema.org","@graph":[{"@type":"WebPage","@id":"https:\/\/nicolaslouis.com\/wordpress\/portfolio\/portfolio\/","url":"https:\/\/nicolaslouis.com\/wordpress\/portfolio\/portfolio\/","name":"PORTFOLIO - NICOLAS LOUIS","isPartOf":{"@id":"https:\/\/nicolaslouis.com\/wordpress\/#website"},"primaryImageOfPage":{"@id":"https:\/\/nicolaslouis.com\/wordpress\/portfolio\/portfolio\/#primaryimage"},"image":{"@id":"https:\/\/nicolaslouis.com\/wordpress\/portfolio\/portfolio\/#primaryimage"},"thumbnailUrl":"https:\/\/nicolaslouis.com\/wordpress\/wp-content\/uploads\/2025\/11\/erasure-001-portrait-flou-de-profil-1.webp","datePublished":"2025-11-11T11:05:32+00:00","dateModified":"2025-11-11T11:08:36+00:00","breadcrumb":{"@id":"https:\/\/nicolaslouis.com\/wordpress\/portfolio\/portfolio\/#breadcrumb"},"inLanguage":"fr-FR","potentialAction":[{"@type":"ReadAction","target":["https:\/\/nicolaslouis.com\/wordpress\/portfolio\/portfolio\/"]}]},{"@type":"ImageObject","inLanguage":"fr-FR","@id":"https:\/\/nicolaslouis.com\/wordpress\/portfolio\/portfolio\/#primaryimage","url":"https:\/\/nicolaslouis.com\/wordpress\/wp-content\/uploads\/2025\/11\/erasure-001-portrait-flou-de-profil-1.webp","contentUrl":"https:\/\/nicolaslouis.com\/wordpress\/wp-content\/uploads\/2025\/11\/erasure-001-portrait-flou-de-profil-1.webp","width":500,"height":500,"caption":"Photographie artistique d\u00e9focalis\u00e9e : silhouette f\u00e9minine de profil, chignon et tenue sombre, contours adoucis et identit\u00e9 estomp\u00e9e, fond neutre minimaliste \u2014 extrait de la s\u00e9rie \u00ab Erasure \u00bb"},{"@type":"BreadcrumbList","@id":"https:\/\/nicolaslouis.com\/wordpress\/portfolio\/portfolio\/#breadcrumb","itemListElement":[{"@type":"ListItem","position":1,"name":"Accueil","item":"https:\/\/nicolaslouis.com\/wordpress\/"},{"@type":"ListItem","position":2,"name":"Projets","item":"https:\/\/nicolaslouis.com\/wordpress\/portfolio\/"},{"@type":"ListItem","position":3,"name":"PORTFOLIO"}]},{"@type":"WebSite","@id":"https:\/\/nicolaslouis.com\/wordpress\/#website","url":"https:\/\/nicolaslouis.com\/wordpress\/","name":"NICOLAS LOUIS PHOTOGRAPHE","description":"Rencontre photographique","publisher":{"@id":"https:\/\/nicolaslouis.com\/wordpress\/#organization"},"potentialAction":[{"@type":"SearchAction","target":{"@type":"EntryPoint","urlTemplate":"https:\/\/nicolaslouis.com\/wordpress\/?s={search_term_string}"},"query-input":{"@type":"PropertyValueSpecification","valueRequired":true,"valueName":"search_term_string"}}],"inLanguage":"fr-FR"},{"@type":"Organization","@id":"https:\/\/nicolaslouis.com\/wordpress\/#organization","name":"NICOLAS LOUIS","url":"https:\/\/nicolaslouis.com\/wordpress\/","logo":{"@type":"ImageObject","inLanguage":"fr-FR","@id":"https:\/\/nicolaslouis.com\/wordpress\/#\/schema\/logo\/image\/","url":"https:\/\/nicolaslouis.com\/wordpress\/wp-content\/uploads\/2025\/04\/cropped-nicolaslouis-logo.jpg","contentUrl":"https:\/\/nicolaslouis.com\/wordpress\/wp-content\/uploads\/2025\/04\/cropped-nicolaslouis-logo.jpg","width":512,"height":512,"caption":"NICOLAS LOUIS"},"image":{"@id":"https:\/\/nicolaslouis.com\/wordpress\/#\/schema\/logo\/image\/"}}]}},"jetpack_sharing_enabled":true,"jetpack_likes_enabled":true,"jetpack-related-posts":[],"_links":{"self":[{"href":"https:\/\/nicolaslouis.com\/wordpress\/wp-json\/wp\/v2\/jetpack-portfolio\/3152","targetHints":{"allow":["GET"]}}],"collection":[{"href":"https:\/\/nicolaslouis.com\/wordpress\/wp-json\/wp\/v2\/jetpack-portfolio"}],"about":[{"href":"https:\/\/nicolaslouis.com\/wordpress\/wp-json\/wp\/v2\/types\/jetpack-portfolio"}],"author":[{"embeddable":true,"href":"https:\/\/nicolaslouis.com\/wordpress\/wp-json\/wp\/v2\/users\/1"}],"replies":[{"embeddable":true,"href":"https:\/\/nicolaslouis.com\/wordpress\/wp-json\/wp\/v2\/comments?post=3152"}],"version-history":[{"count":4,"href":"https:\/\/nicolaslouis.com\/wordpress\/wp-json\/wp\/v2\/jetpack-portfolio\/3152\/revisions"}],"predecessor-version":[{"id":4123,"href":"https:\/\/nicolaslouis.com\/wordpress\/wp-json\/wp\/v2\/jetpack-portfolio\/3152\/revisions\/4123"}],"wp:attachment":[{"href":"https:\/\/nicolaslouis.com\/wordpress\/wp-json\/wp\/v2\/media?parent=3152"}],"wp:term":[{"taxonomy":"jetpack-portfolio-type","embeddable":true,"href":"https:\/\/nicolaslouis.com\/wordpress\/wp-json\/wp\/v2\/jetpack-portfolio-type?post=3152"},{"taxonomy":"jetpack-portfolio-tag","embeddable":true,"href":"https:\/\/nicolaslouis.com\/wordpress\/wp-json\/wp\/v2\/jetpack-portfolio-tag?post=3152"}],"curies":[{"name":"wp","href":"https:\/\/api.w.org\/{rel}","templated":true}]}}